{"id":2,"date":"2018-12-27T13:37:41","date_gmt":"2018-12-27T12:37:41","guid":{"rendered":"http:\/\/trauerredenberlin.de\/cms\/?page_id=2"},"modified":"2025-07-07T15:50:13","modified_gmt":"2025-07-07T13:50:13","slug":"beispiel-seite","status":"publish","type":"page","link":"https:\/\/trauerredenberlin.de\/cms\/","title":{"rendered":"Willkommen"},"content":{"rendered":"\r\n<h2 class=\"wp-block-heading\"><strong>Jeder hat seine Lebensgeschichte. <\/strong><br \/><strong>Ich erz\u00e4hle sie zu Ende.<\/strong><\/h2>\r\n\r\n\r\n\r\n<p>Mein Name ist Silke Andrea Schuemmer. Ich bin 1973 in Aachen geboren, verheiratet und habe in Kunstgeschichte promoviert. Seit 2001 lebe ich in Berlin-Neuk\u00f6lln und arbeite als Belletristik-Autorin, Rednerin und Journalistin. Meine Homepages: <a href=\"http:\/\/www.schuemmer.com\/\" target=\"_blank\" rel=\"noreferrer noopener\" aria-label=\" (\u00f6ffnet in neuem Tab)\">www.schuemmer.com<\/a> und <a href=\"http:\/\/www.hoch-zeit.com\/\" target=\"_blank\" rel=\"noreferrer noopener\" aria-label=\" (\u00f6ffnet in neuem Tab)\">www.hoch-zeit.com<\/a><\/p>\r\n\r\n\r\n\r\n<figure class=\"wp-block-image is-resized\"><img loading=\"lazy\" decoding=\"async\" class=\"wp-image-106\" src=\"https:\/\/trauerredenberlin.de\/cms\/wp-content\/uploads\/2019\/01\/Beerdigung_HP_Portrait-1-1024x802.jpg\" alt=\"\" width=\"709\" height=\"555\" srcset=\"https:\/\/trauerredenberlin.de\/cms\/wp-content\/uploads\/2019\/01\/Beerdigung_HP_Portrait-1-1024x802.jpg 1024w, https:\/\/trauerredenberlin.de\/cms\/wp-content\/uploads\/2019\/01\/Beerdigung_HP_Portrait-1-300x235.jpg 300w, https:\/\/trauerredenberlin.de\/cms\/wp-content\/uploads\/2019\/01\/Beerdigung_HP_Portrait-1-768x602.jpg 768w, https:\/\/trauerredenberlin.de\/cms\/wp-content\/uploads\/2019\/01\/Beerdigung_HP_Portrait-1.jpg 1280w\" sizes=\"auto, (max-width: 709px) 100vw, 709px\" \/>\r\n<figcaption class=\"wp-element-caption\">Foto: Ulrich Gessner<\/figcaption>\r\n<\/figure>\r\n\r\n\r\n\r\n<p>&nbsp;<\/p>\r\n\r\n\r\n\r\n<!--[if lt IE 9]><script>document.createElement('audio');<\/script><![endif]-->\n<audio class=\"wp-audio-shortcode\" id=\"audio-2-1\" preload=\"none\" style=\"width: 100%;\" controls=\"controls\"><source type=\"audio\/mpeg\" src=\"https:\/\/trauerredenberlin.de\/cms\/wp-content\/uploads\/2023\/08\/Trauer20230825.mp3?_=1\" \/><a href=\"https:\/\/trauerredenberlin.de\/cms\/wp-content\/uploads\/2023\/08\/Trauer20230825.mp3\">https:\/\/trauerredenberlin.de\/cms\/wp-content\/uploads\/2023\/08\/Trauer20230825.mp3<\/a><\/audio>\r\n<h2 class=\"wp-block-heading\"><strong>So entsteht eine Rede f\u00fcr eine Trauerfeier:<\/strong><\/h2>\r\n\r\n\r\n\r\n<p>Nachdem ich Ihnen sehr intensiv zugeh\u00f6rt habe, finde ich pers\u00f6nliche, ber\u00fchrende und &#8211; wo es passt &#8211; auch humorvolle Worte, um das Leben des Verstorbenen\/der Verstorbenen zu erz\u00e4hlen und auch Ihrem Verlust Ausdruck zu geben. Ich bin nicht religi\u00f6s, aber nat\u00fcrlich kann die Abschiedsfeier religi\u00f6se oder spirituelle Elemente beeinhalten, wenn z.B. jemand aus Ihrer Familie ein Gebet sprechen m\u00f6chte. Eine sch\u00f6ne, achtsam gestaltete, individuelle Abschieds-Rede jenseits von Klischees und Kitsch ist zugleich ein letzter Gru\u00df an den Verstorbenen als auch eine M\u00f6glichkeit, Sie in Ihrer Trauer zu begleiten. Ein vollendetes Leben verdient einen liebevollen, w\u00fcrdigen Abschluss.<\/p>\r\n\r\n\r\n\r\n<figure class=\"wp-block-image is-resized\"><img loading=\"lazy\" decoding=\"async\" class=\"wp-image-7\" src=\"https:\/\/trauerredenberlin.de\/cms\/wp-content\/uploads\/2018\/12\/BeerdGracia1m-1024x768.jpg\" alt=\"\" width=\"713\" height=\"534\" srcset=\"https:\/\/trauerredenberlin.de\/cms\/wp-content\/uploads\/2018\/12\/BeerdGracia1m-1024x768.jpg 1024w, https:\/\/trauerredenberlin.de\/cms\/wp-content\/uploads\/2018\/12\/BeerdGracia1m-300x225.jpg 300w, https:\/\/trauerredenberlin.de\/cms\/wp-content\/uploads\/2018\/12\/BeerdGracia1m-768x576.jpg 768w, https:\/\/trauerredenberlin.de\/cms\/wp-content\/uploads\/2018\/12\/BeerdGracia1m-150x113.jpg 150w, https:\/\/trauerredenberlin.de\/cms\/wp-content\/uploads\/2018\/12\/BeerdGracia1m.jpg 1280w\" sizes=\"auto, (max-width: 713px) 100vw, 713px\" \/><\/figure>\r\n<p>&nbsp;<\/p>\r\n\r\n\r\n\r\n<h2 class=\"wp-block-heading\"><strong>Was kann ich f\u00fcr Sie tun und was kostet es ?<\/strong><\/h2>\r\n\r\n\r\n\r\n<h3 class=\"wp-block-heading\">Zwei verschiedene Modelle biete ich an:<\/h3>\r\n\r\n\r\n\r\n\r\n\r\n<p>1.<br \/>Ausf\u00fchrliche, ganz pers\u00f6nliche Verabschiedung. In einem pers\u00f6nlichen Treffen reden wir \u00fcber den\/die Verstorbene\/n, sein\/ihr Leben, ihre Beziehung zueinander und Ihre Trauer. Auf Wunsch spreche ich auch mit weiteren Angeh\u00f6rigen oder Freunden, oder ich arbeite mich in ein Thema ein, das dem\/der Verstorbenen besonders wichtig war. Ich finde einf\u00fchlsame Worte f\u00fcr Ihre Gef\u00fchle, erz\u00e4hle Anekdoten und schreibe eine Trauerrede nur f\u00fcr Sie. Textbausteine oder Standardklischees verwende ich nicht. Eine ausf\u00fchrliche, lebendige W\u00fcrdigung des Verstorbenen und seines Lebens ist die sch\u00f6nste und individuellste Art des Abschieds. Gelungen ist die Rede dann, wenn Sie nach der Trauerfeier sagen: &#8222;Genauso war er\/sie. Ich sah ihn\/sie noch einmal genau vor mir.&#8220; Gemeinsam stellen wir eine Zeremonie zusammen, in der Sie sich wiederfinden und die Ihnen entspricht.<br \/>Das \u00fcbernehme ich alles gern und berechne f\u00fcr die Treffen, die individuelle Rede und die Zeremonie 550 \u20ac inklusive MwSt.<\/p>\r\n<p>2. <br \/>Sie m\u00f6chten selbst entscheiden, was bei Ihrer eigenen Beerdigung gesagt werden soll? Ich schreibe Ihre eigene Trauerrede zu Ihren Lebzeiten ganz nach Ihren W\u00fcnschen. Sie erz\u00e4hlen mir aus ihrem Leben, und gemeinsam finden wir die Worte, mit denen Sie sich von der Welt verabschieden wollen. Mit Feingef\u00fchl und &#8211; wenn es passt &#8211; auch mit Humor trage ich bei Ihrer Beerdigung vor, was Sie der Welt noch sagen wollten. Sie lesen die Rede, und ich arbeite \u00c4nderungsw\u00fcnsche ein. Gemeinsam stellen wir eine Zeremonie zusammen, die Ihnen ganz entspricht. Die Rede hinterlegen Sie bei einer Vertrauensperson. Per Vertrag verpflichte ich mich, die Rede auf Ihrer Trauerfeier zu halten. <br \/>Zwei bis drei pers\u00f6nliche Treffen, ausf\u00fchrliche individuelle Rede, evtl. Korrekturen, Vortrag und Zeremonie bei der Trauerfeier in Berlin und Brandenburg: 1050 \u20ac inklusive MwSt.<\/p>\r\n<p><br \/>Meine Preise sind immer Pauschalhonorare, weitere Fahrtkosten oder sonstige Geb\u00fchren berechne ich nicht.<\/p>\r\n\r\n\r\n\r\n\r\n\r\n<figure class=\"wp-block-image is-resized\"><img loading=\"lazy\" decoding=\"async\" class=\"wp-image-10\" src=\"https:\/\/trauerredenberlin.de\/cms\/wp-content\/uploads\/2018\/12\/BeerdThea2m-1024x768.jpg\" alt=\"\" width=\"705\" height=\"528\" srcset=\"https:\/\/trauerredenberlin.de\/cms\/wp-content\/uploads\/2018\/12\/BeerdThea2m-1024x768.jpg 1024w, https:\/\/trauerredenberlin.de\/cms\/wp-content\/uploads\/2018\/12\/BeerdThea2m-300x225.jpg 300w, https:\/\/trauerredenberlin.de\/cms\/wp-content\/uploads\/2018\/12\/BeerdThea2m-768x576.jpg 768w, https:\/\/trauerredenberlin.de\/cms\/wp-content\/uploads\/2018\/12\/BeerdThea2m-150x113.jpg 150w\" sizes=\"auto, (max-width: 705px) 100vw, 705px\" \/><\/figure>\r\n\r\n\r\n\r\n<h2 class=\"wp-block-heading\"><strong>Eine Stimme f\u00fcr Hedwig<\/strong><\/h2>\r\n\r\n\r\n\r\n<p>Mein Essay &#8222;<strong>Eine Stimme f\u00fcr Hedwig. \u00dcber den Alltag einer Trauerrednerin<\/strong>&#8220; erschien 2020 im <em>Konkursbuch 56<\/em> zum Thema Tod, hrsg. von Claudia Gehrke und Stephanie Sellier. Ich biete ihn hier an zum <a href=\"https:\/\/www.trauerredenberlin.de\/Schuemmer_Konkursbuch56.pdf\" target=\"_blank\" rel=\"noreferrer noopener\">Download: PDF, acht Seiten<\/a>.<\/p>\r\n\r\n\r\n\r\n<figure class=\"wp-block-image size-large is-resized\"><img loading=\"lazy\" decoding=\"async\" class=\"wp-image-157\" src=\"https:\/\/trauerredenberlin.de\/cms\/wp-content\/uploads\/2020\/10\/kkb56g-720x1024.jpg\" alt=\"Konkursbuch 56\" width=\"203\" height=\"289\" srcset=\"https:\/\/trauerredenberlin.de\/cms\/wp-content\/uploads\/2020\/10\/kkb56g-720x1024.jpg 720w, https:\/\/trauerredenberlin.de\/cms\/wp-content\/uploads\/2020\/10\/kkb56g-211x300.jpg 211w, https:\/\/trauerredenberlin.de\/cms\/wp-content\/uploads\/2020\/10\/kkb56g-768x1092.jpg 768w, https:\/\/trauerredenberlin.de\/cms\/wp-content\/uploads\/2020\/10\/kkb56g.jpg 900w\" sizes=\"auto, (max-width: 203px) 100vw, 203px\" \/>\r\n<figcaption class=\"wp-element-caption\">Konkursbuch 56<\/figcaption>\r\n<\/figure>\r\n\r\n\r\n\r\n<h2 class=\"wp-block-heading\"><strong>Artikel in der S\u00fcddeutschen Zeitung vom 14.8.2021 \u00fcber mich<\/strong><\/h2>\r\n\r\n\r\n\r\n<figure class=\"wp-block-image size-large\"><img loading=\"lazy\" decoding=\"async\" width=\"712\" height=\"1024\" class=\"wp-image-162\" src=\"https:\/\/trauerredenberlin.de\/cms\/wp-content\/uploads\/2021\/08\/sz20210814g-712x1024.jpg\" alt=\"SZ vom 14.8.2021\" srcset=\"https:\/\/trauerredenberlin.de\/cms\/wp-content\/uploads\/2021\/08\/sz20210814g-712x1024.jpg 712w, https:\/\/trauerredenberlin.de\/cms\/wp-content\/uploads\/2021\/08\/sz20210814g-209x300.jpg 209w, https:\/\/trauerredenberlin.de\/cms\/wp-content\/uploads\/2021\/08\/sz20210814g-768x1104.jpg 768w, https:\/\/trauerredenberlin.de\/cms\/wp-content\/uploads\/2021\/08\/sz20210814g.jpg 1000w\" sizes=\"auto, (max-width: 712px) 100vw, 712px\" \/>\r\n<figcaption class=\"wp-element-caption\">SZ vom 14.8.2021<\/figcaption>\r\n<\/figure>\r\n\r\n\r\n\r\n<h2 class=\"wp-block-heading\"><strong>Eine Rede &#8211; zwei Stimmen<\/strong><\/h2>\r\n<p>Die Vorbereitung der Zeremonie und das Schreiben der Rede \u00fcbernehme auf jeden Fall ich. Sollte ich aber am Termin der Abschiedsfeier schwer erkranken, vertritt mich mein Mann, Marcus Jensen. Sie k\u00f6nnen sich nat\u00fcrlich auch direkt ihn als Redner w\u00fcnschen, wenn Sie eine m\u00e4nnliche Stimme bevorzugen.<br \/>Hier eine Klangprobe:<\/p>\r\n<audio class=\"wp-audio-shortcode\" id=\"audio-2-2\" preload=\"none\" style=\"width: 100%;\" controls=\"controls\"><source type=\"audio\/mpeg\" src=\"https:\/\/trauerredenberlin.de\/cms\/wp-content\/uploads\/2023\/07\/trauer_MJ.mp3?_=2\" \/><a href=\"https:\/\/trauerredenberlin.de\/cms\/wp-content\/uploads\/2023\/07\/trauer_MJ.mp3\">https:\/\/trauerredenberlin.de\/cms\/wp-content\/uploads\/2023\/07\/trauer_MJ.mp3<\/a><\/audio>\r\n<p><img loading=\"lazy\" decoding=\"async\" class=\"alignnone wp-image-175 size-full\" src=\"https:\/\/trauerredenberlin.de\/cms\/wp-content\/uploads\/2023\/07\/trauer_Paar.jpg\" alt=\"\" width=\"1000\" height=\"586\" srcset=\"https:\/\/trauerredenberlin.de\/cms\/wp-content\/uploads\/2023\/07\/trauer_Paar.jpg 1000w, https:\/\/trauerredenberlin.de\/cms\/wp-content\/uploads\/2023\/07\/trauer_Paar-300x176.jpg 300w, https:\/\/trauerredenberlin.de\/cms\/wp-content\/uploads\/2023\/07\/trauer_Paar-768x450.jpg 768w\" sizes=\"auto, (max-width: 767px) 89vw, (max-width: 1000px) 54vw, (max-width: 1071px) 543px, 580px\" \/><\/p>\r\n<h2 class=\"wp-block-heading\"><strong>Partner<\/strong><\/h2>\r\n\r\n\r\n\r\n\r\n\r\n<p>&nbsp;<\/p>\r\n\r\n\r\n\r\n<p>Meine Zusammenarbeit mit <a href=\"https:\/\/www.bestattung-information.de\/partner\/trauerrednerin-dr-silke-andrea-schuemmer\/\" target=\"_blank\" rel=\"noreferrer noopener\">www.bestattung-information.de<\/a><\/p>\r\n\r\n\r\n\r\n<p>Meine Zusammenarbeit mit <a href=\"https:\/\/www.portadora.de\/netzwerk\/aktuell\/dr-silke-andrea-schuemmer\/\" target=\"_blank\" rel=\"noreferrer noopener\">www.portadora.de<\/a><\/p>\r\n\r\n\r\n\r\n<p>Meine Zusammenarbeit mit <a href=\"https:\/\/liebevoll-bestattungen.de\/redner-zur-trauerfeier\" target=\"_blank\" rel=\"noreferrer noopener\">Bestatter Berlin<\/a><\/p>\r\n\r\n\r\n\r\n<figure class=\"wp-block-image size-full\"><img loading=\"lazy\" decoding=\"async\" width=\"200\" height=\"200\" class=\"wp-image-167\" src=\"https:\/\/trauerredenberlin.de\/cms\/wp-content\/uploads\/2023\/03\/LOGO-LiebevollBestattung.png\" alt=\"\" srcset=\"https:\/\/trauerredenberlin.de\/cms\/wp-content\/uploads\/2023\/03\/LOGO-LiebevollBestattung.png 200w, https:\/\/trauerredenberlin.de\/cms\/wp-content\/uploads\/2023\/03\/LOGO-LiebevollBestattung-150x150.png 150w, https:\/\/trauerredenberlin.de\/cms\/wp-content\/uploads\/2023\/03\/LOGO-LiebevollBestattung-100x100.png 100w\" sizes=\"auto, (max-width: 200px) 100vw, 200px\" \/><\/figure>\r\n\r\n\r\n\r\n<h2 class=\"wp-block-heading\"><br \/><strong>Kontakt<\/strong><\/h2>\r\n\r\n\r\n\r\n<p><br \/>E-Mail: <a href=\"mailto:silke-andrea-schuemmer@web.de\" target=\"_blank\" rel=\"noreferrer noopener\" aria-label=\" (\u00f6ffnet in neuem Tab)\">silke-andrea-schuemmer@web.de<\/a><br \/>Telefon: 030-30648344<br \/><br \/><br \/><br \/><br \/><br \/><\/p>\r\n\r\n\r\n\r\n<p>&nbsp;<\/p>\r\n\r\n\r\n<div class=\"wp-block-image\">\r\n<figure class=\"aligncenter is-resized\"><img loading=\"lazy\" decoding=\"async\" class=\"wp-image-15\" src=\"https:\/\/trauerredenberlin.de\/cms\/wp-content\/uploads\/2018\/12\/logo1g.jpg\" alt=\"\" width=\"365\" height=\"456\" srcset=\"https:\/\/trauerredenberlin.de\/cms\/wp-content\/uploads\/2018\/12\/logo1g.jpg 709w, https:\/\/trauerredenberlin.de\/cms\/wp-content\/uploads\/2018\/12\/logo1g-240x300.jpg 240w, https:\/\/trauerredenberlin.de\/cms\/wp-content\/uploads\/2018\/12\/logo1g-120x150.jpg 120w\" sizes=\"auto, (max-width: 365px) 100vw, 365px\" \/><\/figure><\/div>\r\n\r\n\r\n<p>&nbsp;<\/p>\r\n","protected":false},"excerpt":{"rendered":"<p>Jeder hat seine Lebensgeschichte. Ich erz\u00e4hle sie zu Ende. Mein Name ist Silke Andrea Schuemmer. Ich bin 1973 in Aachen geboren, verheiratet und habe in Kunstgeschichte promoviert. Seit 2001 lebe ich in Berlin-Neuk\u00f6lln und arbeite als Belletristik-Autorin, Rednerin und Journalistin. Meine Homepages: www.schuemmer.com und www.hoch-zeit.com &nbsp; So entsteht eine Rede f\u00fcr eine Trauerfeier: Nachdem ich &hellip; <\/p>\n<p class=\"link-more\"><a href=\"https:\/\/trauerredenberlin.de\/cms\/\" class=\"more-link\"><span class=\"screen-reader-text\">\u201eWillkommen\u201c<\/span> weiterlesen<\/a><\/p>\n","protected":false},"author":1,"featured_media":0,"parent":0,"menu_order":0,"comment_status":"closed","ping_status":"open","template":"","meta":{"footnotes":""},"class_list":["post-2","page","type-page","status-publish","hentry"],"_links":{"self":[{"href":"https:\/\/trauerredenberlin.de\/cms\/index.php?rest_route=\/wp\/v2\/pages\/2","targetHints":{"allow":["GET"]}}],"collection":[{"href":"https:\/\/trauerredenberlin.de\/cms\/index.php?rest_route=\/wp\/v2\/pages"}],"about":[{"href":"https:\/\/trauerredenberlin.de\/cms\/index.php?rest_route=\/wp\/v2\/types\/page"}],"author":[{"embeddable":true,"href":"https:\/\/trauerredenberlin.de\/cms\/index.php?rest_route=\/wp\/v2\/users\/1"}],"replies":[{"embeddable":true,"href":"https:\/\/trauerredenberlin.de\/cms\/index.php?rest_route=%2Fwp%2Fv2%2Fcomments&post=2"}],"version-history":[{"count":66,"href":"https:\/\/trauerredenberlin.de\/cms\/index.php?rest_route=\/wp\/v2\/pages\/2\/revisions"}],"predecessor-version":[{"id":185,"href":"https:\/\/trauerredenberlin.de\/cms\/index.php?rest_route=\/wp\/v2\/pages\/2\/revisions\/185"}],"wp:attachment":[{"href":"https:\/\/trauerredenberlin.de\/cms\/index.php?rest_route=%2Fwp%2Fv2%2Fmedia&parent=2"}],"curies":[{"name":"wp","href":"https:\/\/api.w.org\/{rel}","templated":true}]}}